{"id":25650,"date":"2019-09-26T11:39:00","date_gmt":"2019-09-26T10:39:00","guid":{"rendered":"https:\/\/www.masmialou.com\/latelier"},"modified":"2023-02-08T21:31:08","modified_gmt":"2023-02-08T20:31:08","slug":"latelier","status":"publish","type":"page","link":"https:\/\/www.masmialou.com\/fr\/latelier","title":{"rendered":"L&rsquo;Atelier"},"content":{"rendered":"<div class=\"vgblk-rw-wrapper limit-wrapper\">\n<h2>\n\tL&rsquo;Atelier\n\t<\/h2>\n\t<h5 dir=\"ltr\">R\u00e9nov\u00e9 par nos soins en 2019, L&rsquo;Atelier est le \u00ab\u00a0joyau\u00a0\u00bb du Mas Mialou. Authentique et moderne, fid\u00e8le \u00e0 sa nature d&rsquo;origine et confortable, <\/h5>\n<h5 dir=\"ltr\">cet espace est am\u00e9nag\u00e9 comme un loft. <\/h5>\n<h3>\n\tUn loft\n\t<\/h3>\n\t<p>Dans l&rsquo;Atelier, les espaces repas, salon et couchage se confondent. Vous y appr\u00e9cierez l&rsquo;harmonie n\u00e9e de l&rsquo;alliance du fer, du bois et de la pierre. \u00c0 travers les grandes fen\u00eatres, la nature p\u00e9n\u00e8tre presque litt\u00e9ralement dans les coins salon et salle \u00e0 manger.<\/p>\n<p>Pour les moments plus frais en automne et en hiver, l&rsquo;appartement peut \u00e9galement \u00eatre chauff\u00e9 avec un po\u00eale \u00e0 bois confortable.<\/p>\n<p>Le lit se trouve dans une alc\u00f4ve confortable et est fait \u00e0 l&rsquo;arriv\u00e9e.<\/p>\n<h3>\n\tLa cuisine\n\t<\/h3>\n\t<p>La cuisine a \u00e9t\u00e9 repens\u00e9e dans le style \u00ab\u00a0ann\u00e9es 30\u00a0\u00bb. Sa configuration vous permettra de cuisiner \u00ab\u00a0comme \u00e0 la maison\u00a0\u00bb. Certaines denr\u00e9es de base sont mises \u00e0 votre disposition pour votre arriv\u00e9e (caf\u00e9, th\u00e9, sucre, filtres \u00e0 caf\u00e9, p\u00e2tes, riz, d\u00e9tergent, savon, cubes lave-vaisselle).<\/p>\n&#8211; Lave-vaisselle<br \/>\n&#8211; Four mixte<br \/>\n&#8211; Combinaison r\u00e9frig\u00e9rateur \/ cong\u00e9lateur<br \/>\n&#8211; Machines \u00e0 caf\u00e9 (filtres et Nespresso)<br \/>\n&#8211; Grille-pain<br \/>\n&#8211; Du linge de cuisine<br \/>\n&#8211; Haut-parleur bluetooth\n<h3>\n\tLa salle de bain\n\t<\/h3>\n\t<p>La salle de bain moderne est enti\u00e8rement neuve et fonctionnelle. Vous y trouverez un lot de serviettes pour chaque h\u00f4te (1 grande, 1 petite et 1 gant de toilette), ainsi que du shampoing, du gel douche, du savon et du papier toilette, \u00e0 disposition pour votre arriv\u00e9e.<\/p>\n<p>Un s\u00e8che-cheveux est \u00e9galement fourni.<\/p>\n<p>&nbsp;<\/p>\n\t<a href=\"\/prijzen\/\" target=\"_self\" role=\"button\" rel=\"noopener\">\n\t\t\t\t\tCliquez ici pour les prix\n\t<\/a>\n\n<\/div><!-- .vgblk-rw-wrapper -->","protected":false},"excerpt":{"rendered":"<p>L&rsquo;Atelier R\u00e9nov\u00e9 par nos soins en 2019, L&rsquo;Atelier est le \u00ab\u00a0joyau\u00a0\u00bb du Mas Mialou. Authentique et moderne, fid\u00e8le \u00e0 sa nature d&rsquo;origine et confortable, cet espace est am\u00e9nag\u00e9 comme un&#8230;<\/p>\n","protected":false},"author":2,"featured_media":2849,"parent":0,"menu_order":6,"comment_status":"closed","ping_status":"closed","template":"","meta":{"om_disable_all_campaigns":false,"_monsterinsights_skip_tracking":false,"_monsterinsights_sitenote_active":false,"_monsterinsights_sitenote_note":"","_monsterinsights_sitenote_category":0},"aioseo_notices":[],"yoast_head":"<!-- This site is optimized with the Yoast SEO plugin v21.1 - https:\/\/yoast.com\/wordpress\/plugins\/seo\/ -->\n<title>L&#039;Atelier | Mas Mialou<\/title>\n<meta name=\"description\" content=\"R\u00e9nov\u00e9 par nos soins en 2019, L&#039;Atelier est le &quot;joyau&quot; du Mas Mialou. Authentique et moderne, fid\u00e8le \u00e0 sa nature d&#039;origine et confortable, cet espace est am\u00e9nag\u00e9 comme un loft. Vous y disposerez d&#039;un coin nuit confortable, d&#039;une salle de bain moderne et d&#039;une cuisine de style &quot;r\u00e9tro&quot;. Les poutres en bois, les vieux murs en pierre et les portes robustes attireront votre attention. La nature entre presque litt\u00e9ralement dans le coin salon par la grande verri\u00e8re.\" \/>\n<meta name=\"robots\" content=\"index, follow, max-snippet:-1, max-image-preview:large, max-video-preview:-1\" \/>\n<link rel=\"canonical\" href=\"https:\/\/www.masmialou.com\/fr\/latelier\" \/>\n<meta property=\"og:locale\" content=\"fr_FR\" \/>\n<meta property=\"og:type\" content=\"article\" \/>\n<meta property=\"og:title\" content=\"L&#039;Atelier | Mas Mialou\" \/>\n<meta property=\"og:description\" content=\"R\u00e9nov\u00e9 par nos soins en 2019, L&#039;Atelier est le &quot;joyau&quot; du Mas Mialou. Authentique et moderne, fid\u00e8le \u00e0 sa nature d&#039;origine et confortable, cet espace est am\u00e9nag\u00e9 comme un loft. Vous y disposerez d&#039;un coin nuit confortable, d&#039;une salle de bain moderne et d&#039;une cuisine de style &quot;r\u00e9tro&quot;. Les poutres en bois, les vieux murs en pierre et les portes robustes attireront votre attention. La nature entre presque litt\u00e9ralement dans le coin salon par la grande verri\u00e8re.\" \/>\n<meta property=\"og:url\" content=\"https:\/\/www.masmialou.com\/fr\/latelier\" \/>\n<meta property=\"og:site_name\" content=\"Mas Mialou\" \/>\n<meta property=\"article:publisher\" content=\"https:\/\/www.facebook.com\/masmialou\/\" \/>\n<meta property=\"article:modified_time\" content=\"2023-02-08T20:31:08+00:00\" \/>\n<meta property=\"og:image\" content=\"https:\/\/www.masmialou.com\/wp-content\/uploads\/2019\/09\/Atelier-1600300-1.jpeg\" \/>\n\t<meta property=\"og:image:width\" content=\"1136\" \/>\n\t<meta property=\"og:image:height\" content=\"302\" \/>\n\t<meta property=\"og:image:type\" content=\"image\/jpeg\" \/>\n<meta name=\"twitter:card\" content=\"summary_large_image\" \/>\n<meta name=\"twitter:site\" content=\"@masmialou\" \/>\n<meta name=\"twitter:label1\" content=\"Dur\u00e9e de lecture estim\u00e9e\" \/>\n\t<meta name=\"twitter:data1\" content=\"2 minutes\" \/>\n<script type=\"application\/ld+json\" class=\"yoast-schema-graph\">{\"@context\":\"https:\/\/schema.org\",\"@graph\":[{\"@type\":\"WebPage\",\"@id\":\"https:\/\/www.masmialou.com\/fr\/latelier\",\"url\":\"https:\/\/www.masmialou.com\/fr\/latelier\",\"name\":\"L'Atelier | Mas Mialou\",\"isPartOf\":{\"@id\":\"https:\/\/www.masmialou.com\/fr\/#website\"},\"datePublished\":\"2019-09-26T10:39:00+00:00\",\"dateModified\":\"2023-02-08T20:31:08+00:00\",\"description\":\"R\u00e9nov\u00e9 par nos soins en 2019, L'Atelier est le \\\"joyau\\\" du Mas Mialou. Authentique et moderne, fid\u00e8le \u00e0 sa nature d'origine et confortable, cet espace est am\u00e9nag\u00e9 comme un loft. Vous y disposerez d'un coin nuit confortable, d'une salle de bain moderne et d'une cuisine de style \\\"r\u00e9tro\\\". Les poutres en bois, les vieux murs en pierre et les portes robustes attireront votre attention. La nature entre presque litt\u00e9ralement dans le coin salon par la grande verri\u00e8re.\",\"breadcrumb\":{\"@id\":\"https:\/\/www.masmialou.com\/fr\/latelier#breadcrumb\"},\"inLanguage\":\"fr-FR\",\"potentialAction\":[{\"@type\":\"ReadAction\",\"target\":[\"https:\/\/www.masmialou.com\/fr\/latelier\"]}]},{\"@type\":\"BreadcrumbList\",\"@id\":\"https:\/\/www.masmialou.com\/fr\/latelier#breadcrumb\",\"itemListElement\":[{\"@type\":\"ListItem\",\"position\":1,\"name\":\"Home\",\"item\":\"https:\/\/www.masmialou.com\/fr\"},{\"@type\":\"ListItem\",\"position\":2,\"name\":\"L&rsquo;Atelier\"}]},{\"@type\":\"WebSite\",\"@id\":\"https:\/\/www.masmialou.com\/fr\/#website\",\"url\":\"https:\/\/www.masmialou.com\/fr\/\",\"name\":\"Mas Mialou\",\"description\":\"G\u00eetes \/ Appartements\",\"publisher\":{\"@id\":\"https:\/\/www.masmialou.com\/fr\/#organization\"},\"potentialAction\":[{\"@type\":\"SearchAction\",\"target\":{\"@type\":\"EntryPoint\",\"urlTemplate\":\"https:\/\/www.masmialou.com\/fr\/?s={search_term_string}\"},\"query-input\":\"required name=search_term_string\"}],\"inLanguage\":\"fr-FR\"},{\"@type\":\"Organization\",\"@id\":\"https:\/\/www.masmialou.com\/fr\/#organization\",\"name\":\"Mas Mialou\",\"url\":\"https:\/\/www.masmialou.com\/fr\/\",\"logo\":{\"@type\":\"ImageObject\",\"inLanguage\":\"fr-FR\",\"@id\":\"https:\/\/www.masmialou.com\/fr\/#\/schema\/logo\/image\/\",\"url\":\"https:\/\/www.masmialou.com\/wp-content\/uploads\/2021\/03\/Logo-Mas-Mialou-2019-1.png\",\"contentUrl\":\"https:\/\/www.masmialou.com\/wp-content\/uploads\/2021\/03\/Logo-Mas-Mialou-2019-1.png\",\"width\":800,\"height\":323,\"caption\":\"Mas Mialou\"},\"image\":{\"@id\":\"https:\/\/www.masmialou.com\/fr\/#\/schema\/logo\/image\/\"},\"sameAs\":[\"https:\/\/www.facebook.com\/masmialou\/\",\"https:\/\/twitter.com\/masmialou\",\"https:\/\/www.instagram.com\/masmialou\/\",\"https:\/\/www.linkedin.com\/company\/mas-mialou\/about\/\",\"https:\/\/nl.pinterest.com\/masmialou\/\"]}]}<\/script>\n<!-- \/ Yoast SEO plugin. -->","yoast_head_json":{"title":"L'Atelier | Mas Mialou","description":"R\u00e9nov\u00e9 par nos soins en 2019, L'Atelier est le \"joyau\" du Mas Mialou. Authentique et moderne, fid\u00e8le \u00e0 sa nature d'origine et confortable, cet espace est am\u00e9nag\u00e9 comme un loft. Vous y disposerez d'un coin nuit confortable, d'une salle de bain moderne et d'une cuisine de style \"r\u00e9tro\". Les poutres en bois, les vieux murs en pierre et les portes robustes attireront votre attention. La nature entre presque litt\u00e9ralement dans le coin salon par la grande verri\u00e8re.","robots":{"index":"index","follow":"follow","max-snippet":"max-snippet:-1","max-image-preview":"max-image-preview:large","max-video-preview":"max-video-preview:-1"},"canonical":"https:\/\/www.masmialou.com\/fr\/latelier","og_locale":"fr_FR","og_type":"article","og_title":"L'Atelier | Mas Mialou","og_description":"R\u00e9nov\u00e9 par nos soins en 2019, L'Atelier est le \"joyau\" du Mas Mialou. Authentique et moderne, fid\u00e8le \u00e0 sa nature d'origine et confortable, cet espace est am\u00e9nag\u00e9 comme un loft. Vous y disposerez d'un coin nuit confortable, d'une salle de bain moderne et d'une cuisine de style \"r\u00e9tro\". Les poutres en bois, les vieux murs en pierre et les portes robustes attireront votre attention. La nature entre presque litt\u00e9ralement dans le coin salon par la grande verri\u00e8re.","og_url":"https:\/\/www.masmialou.com\/fr\/latelier","og_site_name":"Mas Mialou","article_publisher":"https:\/\/www.facebook.com\/masmialou\/","article_modified_time":"2023-02-08T20:31:08+00:00","og_image":[{"width":1136,"height":302,"url":"https:\/\/www.masmialou.com\/wp-content\/uploads\/2019\/09\/Atelier-1600300-1.jpeg","type":"image\/jpeg"}],"twitter_card":"summary_large_image","twitter_site":"@masmialou","twitter_misc":{"Dur\u00e9e de lecture estim\u00e9e":"2 minutes"},"schema":{"@context":"https:\/\/schema.org","@graph":[{"@type":"WebPage","@id":"https:\/\/www.masmialou.com\/fr\/latelier","url":"https:\/\/www.masmialou.com\/fr\/latelier","name":"L'Atelier | Mas Mialou","isPartOf":{"@id":"https:\/\/www.masmialou.com\/fr\/#website"},"datePublished":"2019-09-26T10:39:00+00:00","dateModified":"2023-02-08T20:31:08+00:00","description":"R\u00e9nov\u00e9 par nos soins en 2019, L'Atelier est le \"joyau\" du Mas Mialou. Authentique et moderne, fid\u00e8le \u00e0 sa nature d'origine et confortable, cet espace est am\u00e9nag\u00e9 comme un loft. Vous y disposerez d'un coin nuit confortable, d'une salle de bain moderne et d'une cuisine de style \"r\u00e9tro\". Les poutres en bois, les vieux murs en pierre et les portes robustes attireront votre attention. La nature entre presque litt\u00e9ralement dans le coin salon par la grande verri\u00e8re.","breadcrumb":{"@id":"https:\/\/www.masmialou.com\/fr\/latelier#breadcrumb"},"inLanguage":"fr-FR","potentialAction":[{"@type":"ReadAction","target":["https:\/\/www.masmialou.com\/fr\/latelier"]}]},{"@type":"BreadcrumbList","@id":"https:\/\/www.masmialou.com\/fr\/latelier#breadcrumb","itemListElement":[{"@type":"ListItem","position":1,"name":"Home","item":"https:\/\/www.masmialou.com\/fr"},{"@type":"ListItem","position":2,"name":"L&rsquo;Atelier"}]},{"@type":"WebSite","@id":"https:\/\/www.masmialou.com\/fr\/#website","url":"https:\/\/www.masmialou.com\/fr\/","name":"Mas Mialou","description":"G\u00eetes \/ Appartements","publisher":{"@id":"https:\/\/www.masmialou.com\/fr\/#organization"},"potentialAction":[{"@type":"SearchAction","target":{"@type":"EntryPoint","urlTemplate":"https:\/\/www.masmialou.com\/fr\/?s={search_term_string}"},"query-input":"required name=search_term_string"}],"inLanguage":"fr-FR"},{"@type":"Organization","@id":"https:\/\/www.masmialou.com\/fr\/#organization","name":"Mas Mialou","url":"https:\/\/www.masmialou.com\/fr\/","logo":{"@type":"ImageObject","inLanguage":"fr-FR","@id":"https:\/\/www.masmialou.com\/fr\/#\/schema\/logo\/image\/","url":"https:\/\/www.masmialou.com\/wp-content\/uploads\/2021\/03\/Logo-Mas-Mialou-2019-1.png","contentUrl":"https:\/\/www.masmialou.com\/wp-content\/uploads\/2021\/03\/Logo-Mas-Mialou-2019-1.png","width":800,"height":323,"caption":"Mas Mialou"},"image":{"@id":"https:\/\/www.masmialou.com\/fr\/#\/schema\/logo\/image\/"},"sameAs":["https:\/\/www.facebook.com\/masmialou\/","https:\/\/twitter.com\/masmialou","https:\/\/www.instagram.com\/masmialou\/","https:\/\/www.linkedin.com\/company\/mas-mialou\/about\/","https:\/\/nl.pinterest.com\/masmialou\/"]}]}},"_links":{"self":[{"href":"https:\/\/www.masmialou.com\/fr\/wp-json\/wp\/v2\/pages\/25650"}],"collection":[{"href":"https:\/\/www.masmialou.com\/fr\/wp-json\/wp\/v2\/pages"}],"about":[{"href":"https:\/\/www.masmialou.com\/fr\/wp-json\/wp\/v2\/types\/page"}],"author":[{"embeddable":true,"href":"https:\/\/www.masmialou.com\/fr\/wp-json\/wp\/v2\/users\/2"}],"replies":[{"embeddable":true,"href":"https:\/\/www.masmialou.com\/fr\/wp-json\/wp\/v2\/comments?post=25650"}],"version-history":[{"count":8,"href":"https:\/\/www.masmialou.com\/fr\/wp-json\/wp\/v2\/pages\/25650\/revisions"}],"predecessor-version":[{"id":27756,"href":"https:\/\/www.masmialou.com\/fr\/wp-json\/wp\/v2\/pages\/25650\/revisions\/27756"}],"wp:featuredmedia":[{"embeddable":true,"href":"https:\/\/www.masmialou.com\/fr\/wp-json\/wp\/v2\/media\/2849"}],"wp:attachment":[{"href":"https:\/\/www.masmialou.com\/fr\/wp-json\/wp\/v2\/media?parent=25650"}],"curies":[{"name":"wp","href":"https:\/\/api.w.org\/{rel}","templated":true}]}}